{"id":4573,"date":"2026-02-28T10:23:13","date_gmt":"2026-02-28T09:23:13","guid":{"rendered":"https:\/\/lac-souterrain.com\/?post_type=evenement&#038;p=4573"},"modified":"2026-03-16T10:09:30","modified_gmt":"2026-03-16T09:09:30","slug":"balade-contee","status":"publish","type":"evenement","link":"https:\/\/lac-souterrain.com\/de\/evenement\/balade-contee\/","title":{"rendered":"Balade cont\u00e9e sur le lac souterrain"},"content":{"rendered":"<p style=\"text-align: center;\"><strong>Cette page concerne la visite de 18h15! Celle de 17h30 est compl\u00e8te et ne peut plus \u00eatre r\u00e9serv\u00e9e<\/strong><\/p>\n<p>D\u2019un village o\u00f9 la parole p\u00e8se lourd, une jeune femme, rejet\u00e9e pour sa beaut\u00e9 et son myst\u00e8re, s\u02bc\u00e9loigne en direction du lac et dispara\u00eet. Amoureux d\u02bcelle en d\u00e9pit des jugements, un homme part \u00e0 sa recherche. Entre les eaux profondes et les rumeurs du village, un secret se d\u00e9voile: la belle serait une dangereuse femme-serpent. R\u00e9alit\u00e9 ou \u00abchasse aux sorci\u00e8res\u00bb? Balade cont\u00e9e tout public sur le lac souterrain de Saint-L\u00e9onard avec les bardes de la Compagn\u02bcIhiliste.<\/p>\n<p><span class=\"TextRun SCXW37939153 BCX0 NormalTextRun\">Cr\u00e9\u00e9e en 2023 par Steeve Lin et Marie-Marie Antonin,\u00a0<\/span><a href=\"https:\/\/compagn-i-hiliste.ch\/\" target=\"_blank\" rel=\"noopener noreferrer\"><span class=\"TextRun SCXW37939153 BCX0 NormalTextRun\">la Compagn&#8217;Ihiliste<\/span><\/a><span class=\"TextRun SCXW37939153 BCX0 NormalTextRun\">\u00a0est une humble troupe de saltimbanques et de conteurs, men\u00e9e par deux \u00e2mes vagabondes :\u00a0<\/span><span class=\"TextRun SCXW37939153 BCX0 NormalTextRun SpellingErrorV2Themed\">S\u00f3l<\/span><span class=\"TextRun SCXW37939153 BCX0 NormalTextRun\">\u00a0Deline et M\u00e1ni d&#8216;<\/span><span class=\"TextRun SCXW37939153 BCX0 NormalTextRun SpellingErrorV2Themed\">Antoi<\/span><span class=\"TextRun SCXW37939153 BCX0 NormalTextRun\">. Sa particularit\u00e9\u202f? Des spectacles o\u00f9 le public, enfants comme adultes, devient acteur, strat\u00e8ge et h\u00e9ros, prenant une part active \u00e0 l&#8217;histoire, embarqu\u00e9 dans des r\u00e9cits o\u00f9 l&#8217;impr\u00e9vu r\u00e8gne en ma\u00eetre. Improvisation, interactivit\u00e9, jeux et imaginaire s\u2019entrem\u00ealent pour \u00e9crire l\u2019histoire, ensemble. Nos deux bardes et leur iconique d\u00e9 font na\u00eetre l\u00e9gendes et \u00e9pop\u00e9es, portant haut et fort la parole des bardes d&#8217;antan.<\/span><span class=\"EOP SCXW37939153 BCX0\">\u00a0<\/span><\/p>\n<p>Ev\u00e8nement organis\u00e9 avec la <a href=\"https:\/\/unidistance.ch\/histoire\" target=\"_blank\" rel=\"noopener noreferrer\">Facult\u00e9 d\u2019histoire d\u2019UniDistance Suisse<\/a> dans le cadre du Festival Histoire et Cit\u00e9 qui se tient du 20 au 29 mars 2026 sur le th\u00e8me \u00abComme par magie\u00bb. Retrouvez toute la programmation sur leur site internet:\u00a0<a href=\"https:\/\/histoire-cite.ch\/\" target=\"_blank\" rel=\"noopener noreferrer\">https:\/\/histoire-cite.ch\/<\/a> .<\/p>\n<p>&nbsp;<\/p>\n","protected":false},"featured_media":4538,"template":"","class_list":["post-4573","evenement","type-evenement","status-publish","has-post-thumbnail","hentry"],"acf":[],"_links":{"self":[{"href":"https:\/\/lac-souterrain.com\/de\/wp-json\/wp\/v2\/evenement\/4573","targetHints":{"allow":["GET"]}}],"collection":[{"href":"https:\/\/lac-souterrain.com\/de\/wp-json\/wp\/v2\/evenement"}],"about":[{"href":"https:\/\/lac-souterrain.com\/de\/wp-json\/wp\/v2\/types\/evenement"}],"wp:featuredmedia":[{"embeddable":true,"href":"https:\/\/lac-souterrain.com\/de\/wp-json\/wp\/v2\/media\/4538"}],"wp:attachment":[{"href":"https:\/\/lac-souterrain.com\/de\/wp-json\/wp\/v2\/media?parent=4573"}],"curies":[{"name":"wp","href":"https:\/\/api.w.org\/{rel}","templated":true}]}}